{"id":7445,"date":"2022-04-18T17:49:04","date_gmt":"2022-04-18T15:49:04","guid":{"rendered":"https:\/\/seitech.es\/politicas-corporativas\/"},"modified":"2025-11-26T08:29:43","modified_gmt":"2025-11-26T07:29:43","slug":"politicas-corporativas","status":"publish","type":"page","link":"https:\/\/seitech.es\/en\/politicas-corporativas\/","title":{"rendered":"Pol\u00edtica de Gesti\u00f3n Integrada"},"content":{"rendered":"\t\t<div data-elementor-type=\"wp-page\" data-elementor-id=\"7445\" class=\"elementor elementor-7445 elementor-2740\" data-elementor-post-type=\"page\">\n\t\t\t\t\t\t<section class=\"elementor-section elementor-top-section elementor-element elementor-element-e7bd466 elementor-section-boxed elementor-section-height-default elementor-section-height-default\" data-id=\"e7bd466\" data-element_type=\"section\" data-e-type=\"section\" data-settings=\"{&quot;jet_parallax_layout_list&quot;:[{&quot;jet_parallax_layout_image&quot;:{&quot;url&quot;:&quot;&quot;,&quot;id&quot;:&quot;&quot;,&quot;size&quot;:&quot;&quot;},&quot;_id&quot;:&quot;cb92b02&quot;,&quot;jet_parallax_layout_image_tablet&quot;:{&quot;url&quot;:&quot;&quot;,&quot;id&quot;:&quot;&quot;,&quot;size&quot;:&quot;&quot;},&quot;jet_parallax_layout_image_mobile&quot;:{&quot;url&quot;:&quot;&quot;,&quot;id&quot;:&quot;&quot;,&quot;size&quot;:&quot;&quot;},&quot;jet_parallax_layout_speed&quot;:{&quot;unit&quot;:&quot;%&quot;,&quot;size&quot;:50,&quot;sizes&quot;:[]},&quot;jet_parallax_layout_type&quot;:&quot;scroll&quot;,&quot;jet_parallax_layout_direction&quot;:null,&quot;jet_parallax_layout_fx_direction&quot;:null,&quot;jet_parallax_layout_z_index&quot;:&quot;&quot;,&quot;jet_parallax_layout_bg_x&quot;:50,&quot;jet_parallax_layout_bg_x_tablet&quot;:&quot;&quot;,&quot;jet_parallax_layout_bg_x_mobile&quot;:&quot;&quot;,&quot;jet_parallax_layout_bg_y&quot;:50,&quot;jet_parallax_layout_bg_y_tablet&quot;:&quot;&quot;,&quot;jet_parallax_layout_bg_y_mobile&quot;:&quot;&quot;,&quot;jet_parallax_layout_bg_size&quot;:&quot;auto&quot;,&quot;jet_parallax_layout_bg_size_tablet&quot;:&quot;&quot;,&quot;jet_parallax_layout_bg_size_mobile&quot;:&quot;&quot;,&quot;jet_parallax_layout_animation_prop&quot;:&quot;transform&quot;,&quot;jet_parallax_layout_on&quot;:[&quot;desktop&quot;,&quot;tablet&quot;]}],&quot;background_background&quot;:&quot;classic&quot;}\">\n\t\t\t\t\t\t\t<div class=\"elementor-background-overlay\"><\/div>\n\t\t\t\t\t\t\t<div class=\"elementor-container elementor-column-gap-default\">\n\t\t\t\t\t<div class=\"elementor-column elementor-col-100 elementor-top-column elementor-element elementor-element-bd48ac0\" data-id=\"bd48ac0\" data-element_type=\"column\" data-e-type=\"column\">\n\t\t\t<div class=\"elementor-widget-wrap elementor-element-populated\">\n\t\t\t\t\t\t<div class=\"elementor-element elementor-element-64f9b27 elementor-widget elementor-widget-heading\" data-id=\"64f9b27\" data-element_type=\"widget\" data-e-type=\"widget\" data-widget_type=\"heading.default\">\n\t\t\t\t<div class=\"elementor-widget-container\">\n\t\t\t\t\t<h2 class=\"elementor-heading-title elementor-size-default\">Pol\u00edtica de Gesti\u00f3n Integrada<\/h2>\t\t\t\t<\/div>\n\t\t\t\t<\/div>\n\t\t\t\t<div class=\"elementor-element elementor-element-f9f1444 elementor-widget elementor-widget-spacer\" data-id=\"f9f1444\" data-element_type=\"widget\" data-e-type=\"widget\" data-widget_type=\"spacer.default\">\n\t\t\t\t<div class=\"elementor-widget-container\">\n\t\t\t\t\t\t\t<div class=\"elementor-spacer\">\n\t\t\t<div class=\"elementor-spacer-inner\"><\/div>\n\t\t<\/div>\n\t\t\t\t\t\t<\/div>\n\t\t\t\t<\/div>\n\t\t\t\t\t<\/div>\n\t\t<\/div>\n\t\t\t\t\t<\/div>\n\t\t<\/section>\n\t\t\t\t<section class=\"elementor-section elementor-top-section elementor-element elementor-element-997ee03 elementor-section-boxed elementor-section-height-default elementor-section-height-default\" data-id=\"997ee03\" data-element_type=\"section\" data-e-type=\"section\" data-settings=\"{&quot;jet_parallax_layout_list&quot;:[{&quot;jet_parallax_layout_image&quot;:{&quot;url&quot;:&quot;&quot;,&quot;id&quot;:&quot;&quot;,&quot;size&quot;:&quot;&quot;},&quot;_id&quot;:&quot;2135f81&quot;,&quot;jet_parallax_layout_image_tablet&quot;:{&quot;url&quot;:&quot;&quot;,&quot;id&quot;:&quot;&quot;,&quot;size&quot;:&quot;&quot;},&quot;jet_parallax_layout_image_mobile&quot;:{&quot;url&quot;:&quot;&quot;,&quot;id&quot;:&quot;&quot;,&quot;size&quot;:&quot;&quot;},&quot;jet_parallax_layout_speed&quot;:{&quot;unit&quot;:&quot;%&quot;,&quot;size&quot;:50,&quot;sizes&quot;:[]},&quot;jet_parallax_layout_type&quot;:&quot;scroll&quot;,&quot;jet_parallax_layout_direction&quot;:null,&quot;jet_parallax_layout_fx_direction&quot;:null,&quot;jet_parallax_layout_z_index&quot;:&quot;&quot;,&quot;jet_parallax_layout_bg_x&quot;:50,&quot;jet_parallax_layout_bg_x_tablet&quot;:&quot;&quot;,&quot;jet_parallax_layout_bg_x_mobile&quot;:&quot;&quot;,&quot;jet_parallax_layout_bg_y&quot;:50,&quot;jet_parallax_layout_bg_y_tablet&quot;:&quot;&quot;,&quot;jet_parallax_layout_bg_y_mobile&quot;:&quot;&quot;,&quot;jet_parallax_layout_bg_size&quot;:&quot;auto&quot;,&quot;jet_parallax_layout_bg_size_tablet&quot;:&quot;&quot;,&quot;jet_parallax_layout_bg_size_mobile&quot;:&quot;&quot;,&quot;jet_parallax_layout_animation_prop&quot;:&quot;transform&quot;,&quot;jet_parallax_layout_on&quot;:[&quot;desktop&quot;,&quot;tablet&quot;]}]}\">\n\t\t\t\t\t\t<div class=\"elementor-container elementor-column-gap-default\">\n\t\t\t\t\t<div class=\"elementor-column elementor-col-100 elementor-top-column elementor-element elementor-element-c379a6f\" data-id=\"c379a6f\" data-element_type=\"column\" data-e-type=\"column\">\n\t\t\t<div class=\"elementor-widget-wrap elementor-element-populated\">\n\t\t\t\t\t\t<div class=\"elementor-element elementor-element-4e830c2 elementor-widget elementor-widget-html\" data-id=\"4e830c2\" data-element_type=\"widget\" data-e-type=\"widget\" data-widget_type=\"html.default\">\n\t\t\t\t<div class=\"elementor-widget-container\">\n\t\t\t\t\t<div style=\"max-width: 800px; margin: auto; padding: 0 10px; text-align: justify\">\r\n    <br>\r\n    <p>\r\n        <b>SEITECH SOLUTIONS, S.L.<\/b>, empresa dedicada a la Inspecci\u00f3n y Control de las especificaciones de clientes en los sectores de\r\n        Telecomunicaciones, Energ\u00eda, Seguridad y Utilities, as\u00ed como el Control de calidad documental de los replanteos y aseguramiento de la\r\n        calidad especificada adapt\u00e1ndose a las necesidades de Calidad y Productividad exigidas por un\r\n        mercado cada vez m\u00e1s competitivo, dispone de un Sistema Integrado de Gesti\u00f3n de la Calidad,\r\n        Ambiental y SST, descrito en el Manual de Gesti\u00f3n y desarrollado en los Procesos correspondientes,\r\n        en conformidad con los requisitos de las Normas Internacionales UNE-EN ISO 9001, UNE-EN ISO\r\n        14001 e ISO 45001\r\n    <\/p>\r\n\r\n    <p>\r\n        La Direcci\u00f3n General manifiesta expresamente su compromiso fundamental de potenciar la Calidad,\r\n        el respeto al Medioambiente y la Seguridad y Salud de sus Trabajadores en <b>SEITECH SOLUTIONS,\r\n        S.L.<\/b>, con el fin de lograr, el cumplimiento de la siguiente pol\u00edtica:\r\n    <\/p>\r\n\r\n    <ul>\r\n        <li>El objetivo principal es la satisfacci\u00f3n del cliente a la vez que se respeta el Medioambiente y se\r\n            proporcionan condiciones de trabajo seguras y saludables para la prevenci\u00f3n de lesiones y\r\n            deterioro de la salud en el desarrollo de nuestras actividades.<\/li>\r\n        <li>Hacer de la Calidad, del cuidado del Medioambiente y de la SST, la diferencia competitiva y contar\r\n            con una \u201cCultura de Gesti\u00f3n Integrada\u201d dentro de nuestra organizaci\u00f3n<\/li>\r\n        <li>La direcci\u00f3n impulsar\u00e1 los grupos de mejora para avanzar en las \u00e1reas tratadas y proporcionar\u00e1\r\n            los medios materiales adecuados al servicio y compatibles con el grado de precisi\u00f3n requerido.<\/li>\r\n        <li>Los errores detectados se utilizar\u00e1n como instrumento de mejora de los niveles de Calidad, de la\r\n            protecci\u00f3n del Medioambiente y de la eliminaci\u00f3n de los Peligros para los trabajadores, en nuestras\r\n            actividades.<\/li>\r\n        <li>La Calidad, la protecci\u00f3n del Medioambiente y la SST, exigen la colaboraci\u00f3n, consulta y\r\n            participaci\u00f3n de todos los niveles de la Empresa (incluidos los trabajadores).\r\n        <\/li>\r\n        <li>La Direcci\u00f3n se compromete al cumplimiento de los requisitos del cliente, legales y reglamentarios,\r\n            a la mejora de las condiciones de trabajo, a la prevenci\u00f3n de la contaminaci\u00f3n y a la mejora\r\n            continua del Sistema de Gesti\u00f3n.<\/li>\r\n        <li>La Direcci\u00f3n General, mediante el Plan de Formaci\u00f3n y Motivaci\u00f3n, asegura que su Pol\u00edtica es\r\n            entendida y aceptada por todo el personal; y con el concurso de auditor\u00edas internas verifica que el\r\n            Sistema de Gesti\u00f3n mantiene su eficiencia y adecuaci\u00f3n.<\/li>\r\n    <\/ul>\r\n    <br><br>\r\n    <p style=\"text-align: right\">\r\n       \r\n        <br><br>\r\n        Cristina Garc\u00eda L\u00f3pez<br>\r\n        Gerente <br>\r\n        En Madrid, 30 de Marzo de 2023.\r\n    <\/p>\r\n<\/div>\t\t\t\t<\/div>\n\t\t\t\t<\/div>\n\t\t\t\t\t<\/div>\n\t\t<\/div>\n\t\t\t\t\t<\/div>\n\t\t<\/section>\n\t\t\t\t<\/div>\n\t\t","protected":false},"excerpt":{"rendered":"<p>Pol\u00edtica de Gesti\u00f3n Integrada &nbsp; SEITECH SOLUTIONS, S.L., empresa dedicada a la Inspecci\u00f3n y Control de las especificaciones de clientes en los sectores de Telecomunicaciones, Energ\u00eda, Seguridad y Utilities, as\u00ed como el Control de calidad documental de los replanteos y aseguramiento de la calidad especificada adapt\u00e1ndose a las necesidades de Calidad y Productividad exigidas por [&hellip;]<\/p>\n","protected":false},"author":4,"featured_media":0,"parent":0,"menu_order":0,"comment_status":"closed","ping_status":"closed","template":"","meta":{"footnotes":""},"class_list":["post-7445","page","type-page","status-publish","hentry"],"yoast_head":"<!-- This site is optimized with the Yoast SEO plugin v27.4 - https:\/\/yoast.com\/product\/yoast-seo-wordpress\/ -->\n<title>Pol\u00edtica de Gesti\u00f3n Integrada - Seitech<\/title>\n<meta name=\"robots\" content=\"index, follow, max-snippet:-1, max-image-preview:large, max-video-preview:-1\" \/>\n<link rel=\"canonical\" href=\"https:\/\/seitech.es\/en\/politicas-corporativas\/\" \/>\n<meta property=\"og:locale\" content=\"en_US\" \/>\n<meta property=\"og:type\" content=\"article\" \/>\n<meta property=\"og:title\" content=\"Pol\u00edtica de Gesti\u00f3n Integrada - Seitech\" \/>\n<meta property=\"og:description\" content=\"Pol\u00edtica de Gesti\u00f3n Integrada &nbsp; SEITECH SOLUTIONS, S.L., empresa dedicada a la Inspecci\u00f3n y Control de las especificaciones de clientes en los sectores de Telecomunicaciones, Energ\u00eda, Seguridad y Utilities, as\u00ed como el Control de calidad documental de los replanteos y aseguramiento de la calidad especificada adapt\u00e1ndose a las necesidades de Calidad y Productividad exigidas por [&hellip;]\" \/>\n<meta property=\"og:url\" content=\"https:\/\/seitech.es\/en\/politicas-corporativas\/\" \/>\n<meta property=\"og:site_name\" content=\"Seitech\" \/>\n<meta property=\"article:modified_time\" content=\"2025-11-26T07:29:43+00:00\" \/>\n<meta name=\"twitter:card\" content=\"summary_large_image\" \/>\n<meta name=\"twitter:label1\" content=\"Est. reading time\" \/>\n\t<meta name=\"twitter:data1\" content=\"2 minutes\" \/>\n<script type=\"application\/ld+json\" class=\"yoast-schema-graph\">{\"@context\":\"https:\\\/\\\/schema.org\",\"@graph\":[{\"@type\":\"WebPage\",\"@id\":\"https:\\\/\\\/seitech.es\\\/en\\\/politicas-corporativas\\\/\",\"url\":\"https:\\\/\\\/seitech.es\\\/en\\\/politicas-corporativas\\\/\",\"name\":\"Pol\u00edtica de Gesti\u00f3n Integrada - Seitech\",\"isPartOf\":{\"@id\":\"https:\\\/\\\/seitech.es\\\/en\\\/#website\"},\"datePublished\":\"2022-04-18T15:49:04+00:00\",\"dateModified\":\"2025-11-26T07:29:43+00:00\",\"breadcrumb\":{\"@id\":\"https:\\\/\\\/seitech.es\\\/en\\\/politicas-corporativas\\\/#breadcrumb\"},\"inLanguage\":\"en-US\",\"potentialAction\":[{\"@type\":\"ReadAction\",\"target\":[\"https:\\\/\\\/seitech.es\\\/en\\\/politicas-corporativas\\\/\"]}]},{\"@type\":\"BreadcrumbList\",\"@id\":\"https:\\\/\\\/seitech.es\\\/en\\\/politicas-corporativas\\\/#breadcrumb\",\"itemListElement\":[{\"@type\":\"ListItem\",\"position\":1,\"name\":\"Portada\",\"item\":\"https:\\\/\\\/seitech.es\\\/en\\\/\"},{\"@type\":\"ListItem\",\"position\":2,\"name\":\"Pol\u00edtica de Gesti\u00f3n Integrada\"}]},{\"@type\":\"WebSite\",\"@id\":\"https:\\\/\\\/seitech.es\\\/en\\\/#website\",\"url\":\"https:\\\/\\\/seitech.es\\\/en\\\/\",\"name\":\"Seitech\",\"description\":\"Consultor\u00eda estrat\u00e9gica y operaciones\",\"potentialAction\":[{\"@type\":\"SearchAction\",\"target\":{\"@type\":\"EntryPoint\",\"urlTemplate\":\"https:\\\/\\\/seitech.es\\\/en\\\/?s={search_term_string}\"},\"query-input\":{\"@type\":\"PropertyValueSpecification\",\"valueRequired\":true,\"valueName\":\"search_term_string\"}}],\"inLanguage\":\"en-US\"}]}<\/script>\n<!-- \/ Yoast SEO plugin. -->","yoast_head_json":{"title":"Pol\u00edtica de Gesti\u00f3n Integrada - Seitech","robots":{"index":"index","follow":"follow","max-snippet":"max-snippet:-1","max-image-preview":"max-image-preview:large","max-video-preview":"max-video-preview:-1"},"canonical":"https:\/\/seitech.es\/en\/politicas-corporativas\/","og_locale":"en_US","og_type":"article","og_title":"Pol\u00edtica de Gesti\u00f3n Integrada - Seitech","og_description":"Pol\u00edtica de Gesti\u00f3n Integrada &nbsp; SEITECH SOLUTIONS, S.L., empresa dedicada a la Inspecci\u00f3n y Control de las especificaciones de clientes en los sectores de Telecomunicaciones, Energ\u00eda, Seguridad y Utilities, as\u00ed como el Control de calidad documental de los replanteos y aseguramiento de la calidad especificada adapt\u00e1ndose a las necesidades de Calidad y Productividad exigidas por [&hellip;]","og_url":"https:\/\/seitech.es\/en\/politicas-corporativas\/","og_site_name":"Seitech","article_modified_time":"2025-11-26T07:29:43+00:00","twitter_card":"summary_large_image","twitter_misc":{"Est. reading time":"2 minutes"},"schema":{"@context":"https:\/\/schema.org","@graph":[{"@type":"WebPage","@id":"https:\/\/seitech.es\/en\/politicas-corporativas\/","url":"https:\/\/seitech.es\/en\/politicas-corporativas\/","name":"Pol\u00edtica de Gesti\u00f3n Integrada - Seitech","isPartOf":{"@id":"https:\/\/seitech.es\/en\/#website"},"datePublished":"2022-04-18T15:49:04+00:00","dateModified":"2025-11-26T07:29:43+00:00","breadcrumb":{"@id":"https:\/\/seitech.es\/en\/politicas-corporativas\/#breadcrumb"},"inLanguage":"en-US","potentialAction":[{"@type":"ReadAction","target":["https:\/\/seitech.es\/en\/politicas-corporativas\/"]}]},{"@type":"BreadcrumbList","@id":"https:\/\/seitech.es\/en\/politicas-corporativas\/#breadcrumb","itemListElement":[{"@type":"ListItem","position":1,"name":"Portada","item":"https:\/\/seitech.es\/en\/"},{"@type":"ListItem","position":2,"name":"Pol\u00edtica de Gesti\u00f3n Integrada"}]},{"@type":"WebSite","@id":"https:\/\/seitech.es\/en\/#website","url":"https:\/\/seitech.es\/en\/","name":"Seitech","description":"Consultor\u00eda estrat\u00e9gica y operaciones","potentialAction":[{"@type":"SearchAction","target":{"@type":"EntryPoint","urlTemplate":"https:\/\/seitech.es\/en\/?s={search_term_string}"},"query-input":{"@type":"PropertyValueSpecification","valueRequired":true,"valueName":"search_term_string"}}],"inLanguage":"en-US"}]}},"_links":{"self":[{"href":"https:\/\/seitech.es\/en\/wp-json\/wp\/v2\/pages\/7445","targetHints":{"allow":["GET"]}}],"collection":[{"href":"https:\/\/seitech.es\/en\/wp-json\/wp\/v2\/pages"}],"about":[{"href":"https:\/\/seitech.es\/en\/wp-json\/wp\/v2\/types\/page"}],"author":[{"embeddable":true,"href":"https:\/\/seitech.es\/en\/wp-json\/wp\/v2\/users\/4"}],"replies":[{"embeddable":true,"href":"https:\/\/seitech.es\/en\/wp-json\/wp\/v2\/comments?post=7445"}],"version-history":[{"count":2,"href":"https:\/\/seitech.es\/en\/wp-json\/wp\/v2\/pages\/7445\/revisions"}],"predecessor-version":[{"id":7458,"href":"https:\/\/seitech.es\/en\/wp-json\/wp\/v2\/pages\/7445\/revisions\/7458"}],"wp:attachment":[{"href":"https:\/\/seitech.es\/en\/wp-json\/wp\/v2\/media?parent=7445"}],"curies":[{"name":"wp","href":"https:\/\/api.w.org\/{rel}","templated":true}]}}